{"id":3777,"date":"2022-11-17T18:31:16","date_gmt":"2022-11-17T17:31:16","guid":{"rendered":"http:\/\/sfej.asso.fr\/?page_id=3777"},"modified":"2025-10-27T07:35:12","modified_gmt":"2025-10-27T06:35:12","slug":"accueil","status":"publish","type":"page","link":"http:\/\/sfej.asso.fr\/","title":{"rendered":"Accueil"},"content":{"rendered":"\n<p>La SFEJ est une association qui r\u00e9unit les enseignants, chercheurs, \u00e9tudiants, et toutes personnes qui sont, de par leur profession, concern\u00e9es par les \u00e9tudes sur le Japon.<\/p>\n\n\n\n<p><em>The French Society for Japanese Studies is an Association of teachers, researchers and students in France and in French-speaking countries, professionally involved in studies concerning Japan.<\/em><\/p>\n\n\n\n<p>\u30d5\u30e9\u30f3\u30b9\u65e5\u672c\u7814\u7a76\u5b66\u4f1a(SFEJ)\u306f\u3001\u6559\u5e2b\u3001\u7814\u7a76\u8005\u3001\u5b66\u751f\u3001\u305d\u3057\u3066\u8077\u696d\u306b\u304a\u3044\u3066\u65e5\u672c\u7814\u7a76\u306b\u95a2\u308f\u308a\u306e\u3042\u308b\u5168\u3066\u306e\u4eba\u3092\u7e4b\u3050\u4f1a\u3067\u3059\u3002<\/p>\n\n\n\n<p>Follow us on our official Twitter account <a href=\"https:\/\/twitter.com\/SFEJ_officiel\">@SFEJ_officiel<\/a><\/p>\n\n\n\n<p>Contact : <a href=\"mailto:secretariat.sfej@gmail.com\" target=\"_blank\" rel=\"noreferrer noopener\">secretariat.sfej@gmail.com<\/a><\/p>\n\n\n\n<hr class=\"wp-block-separator has-alpha-channel-opacity\"\/>\n\n\n\n<p>La SFEJ organise \u00e0 l&rsquo;intention des sp\u00e9cialistes d&rsquo;\u00e9tudes japonaises :<\/p>\n\n\n\n<ul class=\"wp-block-list\">\n<li><strong><a href=\"http:\/\/sfej.asso.fr\/?cat=36\" data-type=\"URL\" data-id=\"http:\/\/sfej.asso.fr\/?cat=36\" target=\"_blank\" rel=\"noreferrer noopener\">Un colloque bisannuel<\/a><\/strong> : il se tient en d\u00e9cembre de chaque ann\u00e9e paire et est ouvert au public.<\/li>\n\n\n\n<li><strong><a href=\"http:\/\/sfej.asso.fr\/?page_id=2620\" data-type=\"URL\" data-id=\"http:\/\/sfej.asso.fr\/?page_id=2620\" target=\"_blank\" rel=\"noreferrer noopener\">Un atelier bisannuel pour les doctorants<\/a> <\/strong>: il s&rsquo;agit d&rsquo;un espace d&rsquo;\u00e9change, o\u00f9 les doctorants inscrits dans des \u00e9tablissements de pays francophones se retrouvent pour pr\u00e9senter leur travail de recherche. <\/li>\n\n\n\n<li><strong><a href=\"http:\/\/sfej.asso.fr\/?page_id=2616\" data-type=\"URL\" data-id=\"http:\/\/sfej.asso.fr\/?page_id=2616\" target=\"_blank\" rel=\"noreferrer noopener\">Un prix de th\u00e8se annuel (Prix Okamatsu Yoshihisa)<\/a><\/strong> : d\u00e9cern\u00e9 chaque ann\u00e9e afin de r\u00e9compenser une th\u00e8se de doctorat soutenue au cours de l&rsquo;ann\u00e9e civile. Le prix est dot\u00e9 d&rsquo;un montant de mille euros. <\/li>\n\n\n\n<li><strong>Une liste de diffusion<\/strong> : qui relie les membres entre eux et permet la circulation d&rsquo;annonces de publications, de conf\u00e9rences, de journ\u00e9es ou de colloques, ainsi que des appels \u00e0 contributions dans le domaine des \u00e9tudes japonaises. Seuls les membres de la SFEJ sont autoris\u00e9s \u00e0 poster des annonces.<\/li>\n<\/ul>\n\n\n\n<hr class=\"wp-block-separator has-alpha-channel-opacity\"\/>\n\n\n\n<p><em>The SFEJ organizes for the specialists of Japanese studies:<\/em><\/p>\n\n\n\n<ul class=\"wp-block-list\">\n<li><em><strong><a href=\"http:\/\/sfej.asso.fr\/?cat=36\" data-type=\"URL\" data-id=\"http:\/\/sfej.asso.fr\/?cat=36\" target=\"_blank\" rel=\"noreferrer noopener\">A Biennal Congress<\/a><\/strong>: it is held in December of each even year and it is open to the public. <\/em><\/li>\n\n\n\n<li><em><strong><a href=\"http:\/\/sfej.asso.fr\/?page_id=2620\" data-type=\"URL\" data-id=\"http:\/\/sfej.asso.fr\/?page_id=2620\" target=\"_blank\" rel=\"noreferrer noopener\">A Biennal Workshop for Doctoral Students<\/a><\/strong>: it is a space for exchange, where doctoral students registered in institutions of French-speaking countries meet to present their research work.<\/em><\/li>\n\n\n\n<li><em><strong><a href=\"http:\/\/sfej.asso.fr\/?page_id=2616\" data-type=\"URL\" data-id=\"http:\/\/sfej.asso.fr\/?page_id=2616\" target=\"_blank\" rel=\"noreferrer noopener\">An Annual PhD Thesis Award (Okamatsu Yoshihisa Award)<\/a><\/strong>: awarded each year for a doctoral dissertation defended during the calendar year. The prize is endowed with one thousand euros.<\/em><\/li>\n\n\n\n<li><em><strong>A Mailing List<\/strong>: a discussion list linking members to each other and allowing the circulation of announcements of publications, conferences, days or colloquia as well as calls for contributions in the field of Japanese studies. Only SFEJ members are allowed to post ads. <\/em><\/li>\n<\/ul>\n\n\n\n<hr class=\"wp-block-separator has-alpha-channel-opacity\"\/>\n\n\n\n<h3 class=\"wp-block-heading has-vivid-red-color has-text-color has-link-color wp-elements-aa7132bacae363399b5c2adf41e89306\"><strong>Motion de la Soci\u00e9t\u00e9 fran\u00e7aise des \u00e9tudes japonaises (SFEJ) &#8211; Contre la suppression des concours de japonais<\/strong><\/h3>\n\n\n\n<p>La Soci\u00e9t\u00e9 fran\u00e7aise des \u00e9tudes japonaises (SFEJ) exprime sa vive inqui\u00e9tude apr\u00e8s la publication, le 9 septembre 2025, de la liste des concours du second degr\u00e9 susceptibles d\u2019\u00eatre ouverts en 2026, dont le CAPES et l\u2019agr\u00e9gation externes (comme internes) de japonais sont absents, apr\u00e8s une fermeture compl\u00e8te de ces concours d\u00e9j\u00e0 en 2025. Cette d\u00e9cision, si elle est confirm\u00e9e, mettra en p\u00e9ril l\u2019enseignement du japonais en France \u2013 et, avec lui, toute une fili\u00e8re d\u2019\u00e9tudes et de recherche.<\/p>\n\n\n\n<p>Supprimer les concours, c\u2019est emp\u00eacher le renouvellement du corps enseignant et aggraver une situation d\u00e9j\u00e0 marqu\u00e9e par une p\u00e9nurie de postes. C\u2019est aussi condamner \u00e0 la pr\u00e9carit\u00e9 les enseignants contractuels qui assurent, souvent seuls, la continuit\u00e9 des cours dans les coll\u00e8ges et lyc\u00e9es. Comment soutenir les vocations quand les \u00e9tudiants les plus engag\u00e9s se heurtent \u00e0 une fili\u00e8re sans d\u00e9bouch\u00e9s ni concours pour devenir enseignants et sans aucune visibilit\u00e9 sur l\u2019ouverture de ces derniers? Comment attirer de nouveaux \u00e9tudiants vers une discipline \u00e0 laquelle l\u2019\u00c9tat retire toute perspective de carri\u00e8re ?<\/p>\n\n\n\n<p>Cette d\u00e9cision est d\u2019autant plus incompr\u00e9hensible que la fili\u00e8re subit depuis des ann\u00e9es une ouverture minimale des concours, souvent limit\u00e9e \u00e0 un unique poste au niveau national, sans aucune perspective d\u2019am\u00e9lioration. Poursuivre cette non-politique de recrutement revient \u00e0 nier les efforts accomplis par les universit\u00e9s, les enseignants et les \u00e9tudiants, et \u00e0 rompre l\u2019\u00e9galit\u00e9 entre les langues vivantes enseign\u00e9es en France.<\/p>\n\n\n\n<p>Au-del\u00e0 du recrutement, ce choix fragilise tout l\u2019\u00e9cosyst\u00e8me acad\u00e9mique : les d\u00e9partements de japonais \u00e0 l\u2019universit\u00e9 vont voir leur attractivit\u00e9 chuter, les vocations s\u2019\u00e9loigner, les inscriptions diminuer. \u00c0 terme, c\u2019est la recherche en \u00e9tudes japonaises et la transmission des savoirs qui seront frapp\u00e9es.<\/p>\n\n\n\n<p>Enfin, cette suppression contredit les engagements pris par la France dans ses coop\u00e9rations culturelles et \u00e9ducatives avec le Japon. Comment promouvoir une relation strat\u00e9gique si l\u2019on retire les moyens d\u2019enseigner la langue et de former des sp\u00e9cialistes ?<\/p>\n\n\n\n<p><strong>Nous demandons au Minist\u00e8re de r\u00e9tablir sans d\u00e9lai l\u2019ouverture des concours de japonais d\u00e8s 2026 et pour les ann\u00e9es \u00e0 venir.<br><\/strong>Garantir un recrutement r\u00e9gulier, avec une vision programmatique sur plusieurs ann\u00e9es, est la seule condition pour maintenir un enseignement public du japonais digne de ce nom, du coll\u00e8ge \u00e0 l\u2019universit\u00e9. Les exigences de qualit\u00e9, de comp\u00e9tences, des enseignants, r\u00e9it\u00e9r\u00e9es par la mise en place r\u00e9cente des nouveaux programmes de langues vivantes, ne pourront qu\u2019\u00eatre confirm\u00e9es par la s\u00e9lection de candidats \u00e0 un haut niveau acad\u00e9mique que seuls les concours permettent.<\/p>\n\n\n\n<p><br><strong>Renoncer \u00e0 ces concours, ce n\u2019est pas seulement affaiblir une langue \u00e9trang\u00e8re.<br><\/strong>C\u2019est affaiblir l\u2019\u00c9cole de la R\u00e9publique, en renon\u00e7ant \u00e0 la diversit\u00e9 linguistique et culturelle dans un monde o\u00f9 le Japon est un partenaire majeur, et le japonais est une langue de savoir, de culture et d\u2019acc\u00e8s \u00e0 une civilisation influente. C\u2019est \u00e9galement affaiblir, avec l\u2019absence de sp\u00e9cialistes confirm\u00e9s dans l\u2019enseignement du japonais, la place de la France dans un monde de plus en plus complexe.<\/p>\n\n\n\n<hr class=\"wp-block-separator has-alpha-channel-opacity\"\/>\n","protected":false},"excerpt":{"rendered":"<p>La SFEJ est une association qui r\u00e9unit les enseignants, chercheurs, \u00e9tudiants, et toutes personnes qui sont, de par leur profession, concern\u00e9es par les \u00e9tudes sur le Japon. The French Society for Japanese Studies is an Association of teachers, researchers and&hellip;&nbsp;<a href=\"http:\/\/sfej.asso.fr\/\" class=\"more-link\">Lire la suite<\/a><\/p>\n","protected":false},"author":3,"featured_media":0,"parent":0,"menu_order":1,"comment_status":"closed","ping_status":"closed","template":"","meta":{"_EventAllDay":false,"_EventTimezone":"","_EventStartDate":"","_EventEndDate":"","_EventStartDateUTC":"","_EventEndDateUTC":"","_EventShowMap":false,"_EventShowMapLink":false,"_EventURL":"","_EventCost":"","_EventCostDescription":"","_EventCurrencySymbol":"","_EventCurrencyCode":"","_EventCurrencyPosition":"","_EventDateTimeSeparator":"","_EventTimeRangeSeparator":"","_EventOrganizerID":[],"_EventVenueID":[],"_OrganizerEmail":"","_OrganizerPhone":"","_OrganizerWebsite":"","_VenueAddress":"","_VenueCity":"","_VenueCountry":"","_VenueProvince":"","_VenueState":"","_VenueZip":"","_VenuePhone":"","_VenueURL":"","_VenueStateProvince":"","_VenueLat":"","_VenueLng":"","_VenueShowMap":false,"_VenueShowMapLink":false,"footnotes":""},"class_list":["post-3777","page","type-page","status-publish","hentry"],"_links":{"self":[{"href":"http:\/\/sfej.asso.fr\/index.php?rest_route=\/wp\/v2\/pages\/3777","targetHints":{"allow":["GET"]}}],"collection":[{"href":"http:\/\/sfej.asso.fr\/index.php?rest_route=\/wp\/v2\/pages"}],"about":[{"href":"http:\/\/sfej.asso.fr\/index.php?rest_route=\/wp\/v2\/types\/page"}],"author":[{"embeddable":true,"href":"http:\/\/sfej.asso.fr\/index.php?rest_route=\/wp\/v2\/users\/3"}],"replies":[{"embeddable":true,"href":"http:\/\/sfej.asso.fr\/index.php?rest_route=%2Fwp%2Fv2%2Fcomments&post=3777"}],"version-history":[{"count":14,"href":"http:\/\/sfej.asso.fr\/index.php?rest_route=\/wp\/v2\/pages\/3777\/revisions"}],"predecessor-version":[{"id":8006,"href":"http:\/\/sfej.asso.fr\/index.php?rest_route=\/wp\/v2\/pages\/3777\/revisions\/8006"}],"wp:attachment":[{"href":"http:\/\/sfej.asso.fr\/index.php?rest_route=%2Fwp%2Fv2%2Fmedia&parent=3777"}],"curies":[{"name":"wp","href":"https:\/\/api.w.org\/{rel}","templated":true}]}}